{"id":52,"date":"2021-02-03T22:21:44","date_gmt":"2021-02-03T21:21:44","guid":{"rendered":"http:\/\/przedszkole.heliantus.pl\/?page_id=52"},"modified":"2023-07-04T15:02:06","modified_gmt":"2023-07-04T13:02:06","slug":"pedagogika","status":"publish","type":"page","link":"https:\/\/heliantus.pl\/przedszkole\/pedagogika\/","title":{"rendered":"Pedagogika"},"content":{"rendered":"\t\t<div data-elementor-type=\"wp-page\" data-elementor-id=\"52\" class=\"elementor elementor-52\">\n\t\t\t\t\t\t<section class=\"elementor-section elementor-top-section elementor-element elementor-element-437d0b31 elementor-section-boxed elementor-section-height-default elementor-section-height-default\" data-id=\"437d0b31\" data-element_type=\"section\" data-e-type=\"section\">\n\t\t\t\t\t\t<div class=\"elementor-container elementor-column-gap-default\">\n\t\t\t\t\t<div class=\"elementor-column elementor-col-100 elementor-top-column elementor-element elementor-element-6e96ee36\" data-id=\"6e96ee36\" data-element_type=\"column\" data-e-type=\"column\">\n\t\t\t<div class=\"elementor-widget-wrap elementor-element-populated\">\n\t\t\t\t\t\t<div class=\"elementor-element elementor-element-4931914 elementor-widget elementor-widget-text-editor\" data-id=\"4931914\" data-element_type=\"widget\" data-e-type=\"widget\" data-widget_type=\"text-editor.default\">\n\t\t\t\t<div class=\"elementor-widget-container\">\n\t\t\t\t\t\t\t\t\t\n<h4 class=\"wp-block-heading\">Program ma\u0142ego przedszkolaka (2,5-3 latki)<\/h4>\n\n<p>Okres pobytu 3-latk\u00f3w w przedszkolu jest czasem \u0142\u0105czenia wysi\u0142k\u00f3w rodzic\u00f3w i nauczycieli we wsp\u00f3lnej opiece nad dzie\u0107mi. Przedszkole zapewnia \u015brodowisko, w kt\u00f3rym dziecko ma mo\u017cliwo\u015b\u0107 nawi\u0105zania serdecznej, ciep\u0142ej wi\u0119zi z opiekunem umo\u017cliwiaj\u0105cej dziecku zbudowanie poczucia bezpiecze\u0144stwa i zaufania. Nauczyciel, maj\u0105c pod swoj\u0105 opiek\u0105 tylko kilkana\u015bcioro dzieci jest w stanie ka\u017cdemu dziecku po\u015bwi\u0119ci\u0107 czas indywidualnie oraz reagowa\u0107 natychmiast na potrzeby ka\u017cdego malucha.<\/p>\n\n<p>Bezpieczny, w poczuciu zaufania, ma\u0142y przedszkolak wkracza w okres tworzenia poczucia w\u0142asnej niezale\u017cno\u015bci i autonomii. Umiej\u0119tno\u015bci zwi\u0105zane z zachowaniem higieny, samodzielnym ubieraniem si\u0119 i samodzielnym jedzeniem s\u0105 kszta\u0142towane indywidualnie &#8211; w swoim tempie dla ka\u017cdego dziecka, w \u015bcis\u0142ej wsp\u00f3\u0142pracy z rodzicami. Rozw\u00f3j sfery spo\u0142ecznej dziecka wspierany jest przez stworzenie mo\u017cliwo\u015bci wsp\u00f3lnej zabawy w grupie jak i poprzez zapewnienie dzieciom powtarzalnych zabawek by mog\u0142y bawi\u0107 si\u0119 r\u00f3wnocze\u015bnie obok siebie w ramach grupy. Wiele uwagi po\u015bwi\u0119ca si\u0119 rozwojowi j\u0119zyka. Kontakt z nauczycielem i r\u00f3wie\u015bnikami, proste ksi\u0105\u017cki i obrazki, muzyka, puzzle i du\u017ca ilo\u015b\u0107 ruchu pozwalaj\u0105 do\u015bwiadcza\u0107 \u015bwiat wszystkimi zmys\u0142ami. Cierpliwi i konsekwentni wychowawcy stwarzaj\u0105 dzieciom mo\u017cliwo\u015bci samodzielnego wymy\u015blania i spontanicznego prowadzenia zabaw. Odkrywanie na w\u0142asn\u0105 r\u0119k\u0119, na\u015bladownictwo i powtarzanie umo\u017cliwiaj\u0105 dzieciom do\u015bwiadcza\u0107 poczucia w\u0142asnej autonomii i sukcesu.<\/p>\n\n<h4 class=\"wp-block-heading\">Program du\u017cego przedszkolaka (4, 5, 6 lat)<\/h4>\n\n<p>G\u0142\u00f3wnym celem tych grup wiekowych jest pobudzanie budowania silnego poczucia w\u0142asnej warto\u015bci i \u015bwiadomo\u015bci w\u0142asnej osoby. Nasz program ukierunkowany jest na zaspakajanie potrzeb poszczeg\u00f3lnych dzieci, jak i ca\u0142o\u015bci grupy. Podstawy j\u0119zyka &#8211; wypowiadanie si\u0119 i s\u0142uchanie, wprowadzenie do czytania i pisania, elementy nauk przyrodniczych, poj\u0119\u0107 matematycznych, muzyki, sztuki, gotowania, dzia\u0142alno\u015bci tw\u00f3rczej tworz\u0105 cz\u0119\u015b\u0107 naszego programu. Wierzymy \u017ce w\u0142a\u015bnie zabawa w gronie innych dzieci jest dziecka podstawowym narz\u0119dziem nauki. Wiedz\u0119 na temat otaczaj\u0105cego go \u015bwiata dziecko ch\u0142onie gdy ma szans\u0119 go odkrywa\u0107 i bada\u0107 w \u015brodowisku daj\u0105cym mu poczucie bezpiecze\u0144stwa.<\/p>\n\n<p>Wsp\u00f3\u0142\u017cycie w grupie jest jednym z bazowych element\u00f3w programu du\u017cego przedszkolaka. Zach\u0119camy dzieci do dzielenia si\u0119 i zabaw grupowych r\u00f3wnocze\u015bnie szanuj\u0105c potrzeb\u0119 ka\u017cdego dziecka na czas tylko dla siebie. W przedszkolu obowi\u0105zuj\u0105 zasady, kt\u00f3re porz\u0105dkuj\u0105 \u017cycie dzieci w grupie i daj\u0105 dzieciom poczucie bezpiecze\u0144stwa.<\/p>\n\n<p>Staramy si\u0119 tworzy\u0107 przestrze\u0144 z poziomu serca, nastawion\u0105 na kontakt, w kt\u00f3rej strony czuj\u0105 si\u0119 us\u0142yszane i uwzgl\u0119dniane, daj\u0105c\u0105 mo\u017cliwo\u015b\u0107 wypracowywania rozwi\u0105za\u0144 wygrany-wygrany. W przedszkolu stosujemy podej\u015bcie blisko\u015bciowe, podkre\u015blamy konieczno\u015b\u0107 bycia z dzie\u0107mi, s\u0142uchania ich potrzeb, pod\u0105\u017cania za dzieckiem.<\/p>\n\n<p>5 i 6-latki to grupa przygotowuj\u0105ca si\u0119 do nauki w szkole. W ich programie poza elementami \u015bci\u015ble dydaktycznymi (m.in. podstawy j\u0119zyka, matematyki, przyrody) silnie akcentowane jest pobudzanie obowi\u0105zkowo\u015bci, systematyczno\u015bci i samodzielno\u015bci tak by dzieci, wchodz\u0105c w mury szkolne, potrafi\u0142y sprosta\u0107 zar\u00f3wno zaj\u0119ciom w szkole jak i samodzielnej pracy w domu.<\/p>\n\t\t\t\t\t\t\t\t<\/div>\n\t\t\t\t<\/div>\n\t\t\t\t\t<\/div>\n\t\t<\/div>\n\t\t\t\t\t<\/div>\n\t\t<\/section>\n\t\t\t\t<\/div>\n\t\t","protected":false},"excerpt":{"rendered":"<p>Program ma\u0142ego przedszkolaka (2,5-3 latki) Okres pobytu 3-latk\u00f3w w przedszkolu jest czasem \u0142\u0105czenia wysi\u0142k\u00f3w rodzic\u00f3w i nauczycieli we wsp\u00f3lnej opiece nad dzie\u0107mi. Przedszkole zapewnia \u015brodowisko, [&hellip;]<\/p>\n","protected":false},"author":1,"featured_media":332,"parent":0,"menu_order":0,"comment_status":"closed","ping_status":"closed","template":"","meta":{"_eb_attr":"","_monsterinsights_skip_tracking":false,"_monsterinsights_sitenote_active":false,"_monsterinsights_sitenote_note":"","_monsterinsights_sitenote_category":0,"_uf_show_specific_survey":0,"_uf_disable_surveys":false,"footnotes":""},"class_list":["post-52","page","type-page","status-publish","has-post-thumbnail","hentry"],"aioseo_notices":[],"_links":{"self":[{"href":"https:\/\/heliantus.pl\/przedszkole\/wp-json\/wp\/v2\/pages\/52","targetHints":{"allow":["GET"]}}],"collection":[{"href":"https:\/\/heliantus.pl\/przedszkole\/wp-json\/wp\/v2\/pages"}],"about":[{"href":"https:\/\/heliantus.pl\/przedszkole\/wp-json\/wp\/v2\/types\/page"}],"author":[{"embeddable":true,"href":"https:\/\/heliantus.pl\/przedszkole\/wp-json\/wp\/v2\/users\/1"}],"replies":[{"embeddable":true,"href":"https:\/\/heliantus.pl\/przedszkole\/wp-json\/wp\/v2\/comments?post=52"}],"version-history":[{"count":11,"href":"https:\/\/heliantus.pl\/przedszkole\/wp-json\/wp\/v2\/pages\/52\/revisions"}],"predecessor-version":[{"id":385,"href":"https:\/\/heliantus.pl\/przedszkole\/wp-json\/wp\/v2\/pages\/52\/revisions\/385"}],"wp:featuredmedia":[{"embeddable":true,"href":"https:\/\/heliantus.pl\/przedszkole\/wp-json\/wp\/v2\/media\/332"}],"wp:attachment":[{"href":"https:\/\/heliantus.pl\/przedszkole\/wp-json\/wp\/v2\/media?parent=52"}],"curies":[{"name":"wp","href":"https:\/\/api.w.org\/{rel}","templated":true}]}}